{"version":"1.0","provider_name":"Langholtskirkja","provider_url":"https:\/\/langholtskirkja.is","title":"Vetrarfr\u00ed \u00ed barna- og k\u00f3rastarfi Langholtskirkju 18.-21. okt\u00f3ber - Langholtskirkja","type":"rich","width":600,"height":338,"html":"<blockquote class=\"wp-embedded-content\" data-secret=\"5CUd5nWvj0\"><a href=\"https:\/\/langholtskirkja.is\/vetrarfri-i-barna-og-korastarfi-langholtskirkju-18-21-oktober\/\">Vetrarfr\u00ed \u00ed barna- og k\u00f3rastarfi Langholtskirkju 18.-21. okt\u00f3ber<\/a><\/blockquote><iframe sandbox=\"allow-scripts\" security=\"restricted\" src=\"https:\/\/langholtskirkja.is\/vetrarfri-i-barna-og-korastarfi-langholtskirkju-18-21-oktober\/embed\/#?secret=5CUd5nWvj0\" width=\"600\" height=\"338\" title=\"&#8220;Vetrarfr\u00ed \u00ed barna- og k\u00f3rastarfi Langholtskirkju 18.-21. okt\u00f3ber&#8221; &#8212; Langholtskirkja\" data-secret=\"5CUd5nWvj0\" frameborder=\"0\" marginwidth=\"0\" marginheight=\"0\" scrolling=\"no\" class=\"wp-embedded-content\"><\/iframe><script type=\"text\/javascript\">\n\/* <![CDATA[ *\/\n\/*! This file is auto-generated *\/\n!function(d,l){\"use strict\";l.querySelector&&d.addEventListener&&\"undefined\"!=typeof URL&&(d.wp=d.wp||{},d.wp.receiveEmbedMessage||(d.wp.receiveEmbedMessage=function(e){var t=e.data;if((t||t.secret||t.message||t.value)&&!\/[^a-zA-Z0-9]\/.test(t.secret)){for(var s,r,n,a=l.querySelectorAll('iframe[data-secret=\"'+t.secret+'\"]'),o=l.querySelectorAll('blockquote[data-secret=\"'+t.secret+'\"]'),c=new RegExp(\"^https?:$\",\"i\"),i=0;i<o.length;i++)o[i].style.display=\"none\";for(i=0;i<a.length;i++)s=a[i],e.source===s.contentWindow&&(s.removeAttribute(\"style\"),\"height\"===t.message?(1e3<(r=parseInt(t.value,10))?r=1e3:~~r<200&&(r=200),s.height=r):\"link\"===t.message&&(r=new URL(s.getAttribute(\"src\")),n=new URL(t.value),c.test(n.protocol))&&n.host===r.host&&l.activeElement===s&&(d.top.location.href=t.value))}},d.addEventListener(\"message\",d.wp.receiveEmbedMessage,!1),l.addEventListener(\"DOMContentLoaded\",function(){for(var e,t,s=l.querySelectorAll(\"iframe.wp-embedded-content\"),r=0;r<s.length;r++)(t=(e=s[r]).getAttribute(\"data-secret\"))||(t=Math.random().toString(36).substring(2,12),e.src+=\"#?secret=\"+t,e.setAttribute(\"data-secret\",t)),e.contentWindow.postMessage({message:\"ready\",secret:t},\"*\")},!1)))}(window,document);\n\/\/# sourceURL=https:\/\/langholtskirkja.is\/other\/js\/wp-embed.min.js\n\/* ]]> *\/\n<\/script>\n","thumbnail_url":"https:\/\/langholtskirkja.is\/file\/2018\/05\/27021293_1515336511919095_3495791721015618214_o.png","thumbnail_width":1080,"thumbnail_height":675,"description":"Vetrarfr\u00ed er \u00ed barna- og k\u00f3rastarfi Langholtskirkju fr\u00e1 fimmtudeginum 18. okt\u00f3ber til sunnudagsins 21. okt\u00f3ber l\u00edkt og \u00ed grunnsk\u00f3lum h\u00f6fu\u00f0borgarinnar. Fr\u00ed"}